{"id":1011,"date":"2019-12-03T15:50:11","date_gmt":"2019-12-03T14:50:11","guid":{"rendered":"http:\/\/almudenatorro.com\/?page_id=1011"},"modified":"2025-12-30T09:13:43","modified_gmt":"2025-12-30T09:13:43","slug":"bio","status":"publish","type":"page","link":"https:\/\/almudenatorro.com\/es\/bio\/","title":{"rendered":"Bio"},"content":{"rendered":"\n\t<section class=\"section\" id=\"section_714662207\">\n\t\t<div class=\"section-bg fill\" >\n\t\t\t\t\t\t\t\t\t<div class=\"section-bg-overlay absolute fill\"><\/div>\n\t\t\t\n\t<div class=\"is-border\"\n\t\tstyle=\"border-width:0px 0px 0px 0px;\">\n\t<\/div>\n\n\t\t<\/div>\n\n\t\t\n\n\t\t<div class=\"section-content relative\">\n\t\t\t\n<div class=\"row row-large align-middle\"  id=\"row-511686135\">\n\n\t<div id=\"col-1373529074\" class=\"col medium-5 small-12 large-5\"  >\n\t\t\t\t<div class=\"col-inner\"  >\n\t\t\t\n\t\t\t\n\t<div class=\"img has-hover x md-x lg-x y md-y lg-y\" id=\"image_169821032\">\n\t\t\t\t\t\t\t\t<div class=\"img-inner box-shadow-2 dark\" >\n\t\t\t\t\t\t\t\t\t\n\t\t\t\t\t<\/div>\n\t\t\t\t\t\t\t\t\n<style>\n#image_169821032 {\n  width: 100%;\n}\n<\/style>\n\t<\/div>\n\t\n\t<div class=\"img has-hover x md-x lg-x y md-y lg-y\" id=\"image_594320016\">\n\t\t\t\t\t\t\t\t<div class=\"img-inner dark\" >\n\t\t\t<img loading=\"lazy\" decoding=\"async\" width=\"1600\" height=\"1594\" src=\"https:\/\/almudenatorro.com\/wp-content\/uploads\/2023\/04\/Almudena-bio-web.jpg\" class=\"attachment-original size-original\" alt=\"Almudena Torr\u00f3 biograf\u00eda\" srcset=\"https:\/\/almudenatorro.com\/wp-content\/uploads\/2023\/04\/Almudena-bio-web.jpg 1600w, https:\/\/almudenatorro.com\/wp-content\/uploads\/2023\/04\/Almudena-bio-web-300x300.jpg 300w, https:\/\/almudenatorro.com\/wp-content\/uploads\/2023\/04\/Almudena-bio-web-1024x1020.jpg 1024w, https:\/\/almudenatorro.com\/wp-content\/uploads\/2023\/04\/Almudena-bio-web-150x150.jpg 150w, https:\/\/almudenatorro.com\/wp-content\/uploads\/2023\/04\/Almudena-bio-web-768x765.jpg 768w, https:\/\/almudenatorro.com\/wp-content\/uploads\/2023\/04\/Almudena-bio-web-1536x1530.jpg 1536w\" sizes=\"auto, (max-width: 1600px) 100vw, 1600px\" \/>\t\t\t\t\t\t\n\t\t\t\t\t<\/div>\n\t\t\t\t\t\t\t\t\n<style>\n#image_594320016 {\n  width: 97%;\n}\n<\/style>\n\t<\/div>\n\t\n\t\t<\/div>\n\t\t\t\t\t<\/div>\n\n\t\n\n\t<div id=\"col-140222376\" class=\"col medium-7 small-12 large-7\"  >\n\t\t\t\t<div class=\"col-inner text-left\"  >\n\t\t\t\n\t\t\t\n\t<div id=\"text-1313687154\" class=\"text\">\n\t\t\n<p class=\"lead\" style=\"text-align: center;\" data-line-height=\"s\"><span style=\"font-size: 75%;\">La escultora se sinti\u00f3 atra\u00edda por la sencillez de la tela met\u00e1lica, un material cotidiano que, a simple vista, parece desprovisto de todo, pero que la invit\u00f3 a mirar a trav\u00e9s de \u00e9l. Desde la necesidad de vincularse con el espacio, descubri\u00f3 la maleabilidad de este soporte y comenz\u00f3 a modelarlo, a convertirlo en objeto art\u00edstico. Le interesa especialmente la forma en que este material deja pasar la luz y c\u00f3mo se proyectan sus sombras, permiti\u00e9ndole explorar conceptos como la levedad, la ingravidez, lo ef\u00edmero y lo vol\u00e1til.<\/span><\/p>\n<p class=\"lead\" style=\"text-align: center;\" data-line-height=\"s\"><span style=\"font-size: 75%;\">A trav\u00e9s de esta experimentaci\u00f3n, Torr\u00f3 encontr\u00f3 un lenguaje visual que le permite transitar entre lo tangible y lo intangible, con obras que invitan al espectador a situarse frente a ellas y reconocerse, como ante un espejo que no solo refleja, sino en el que tambi\u00e9n existe un reverso, involucrando al observador con la obra. Es un acto de comunicaci\u00f3n \u00edntima y envolvente, donde la mirada y la posici\u00f3n de quien observa transforman nunca es la misma.<\/span><\/p>\n<p>&nbsp;<\/p>\n<h3 class=\"thin-font\" style=\"text-align: center;\">\u00a0<\/h3>\n<p>\n\t\t\n<style>\n#text-1313687154 {\n  line-height: 1;\n  text-align: center;\n}\n<\/style>\n\t<\/div>\n\t\n\t\t<\/div>\n\t\t\t\t\t<\/div>\n\n\t\n<\/div>\n\t\t<\/div>\n\n\t\t\n<style>\n#section_714662207 {\n  padding-top: 1px;\n  padding-bottom: 1px;\n  background-color: rgb(193, 193, 193);\n}\n#section_714662207 .section-bg-overlay {\n  background-color: rgba(255, 255, 255, 0.85);\n}\n<\/style>\n\t<\/section>\n\t\n\n\t<section class=\"section\" id=\"section_1176876587\">\n\t\t<div class=\"section-bg fill\" >\n\t\t\t\t\t\t\t\t\t<div class=\"section-bg-overlay absolute fill\"><\/div>\n\t\t\t\n\n\t\t<\/div>\n\n\t\t\n\n\t\t<div class=\"section-content relative\">\n\t\t\t\n<div class=\"row row-large row-full-width align-middle\"  id=\"row-1181208530\">\n\n\t<div id=\"col-2052179403\" class=\"col small-12 large-12\"  >\n\t\t\t\t<div class=\"col-inner\"  >\n\t\t\t\n\t\t\t\n<div class=\"wpb_text_column us_custom_c64c7e4b\">\n<div class=\"wpb_wrapper\">\n<p>&nbsp;<\/p>\n<p style=\"font-weight: 400;\">Mi inicio en la escultura naci\u00f3 con la b\u00fasqueda de la expresividad del vac\u00edo y esto fue lo que me llev\u00f3 a experimentar con telas met\u00e1licas hasta convertirlas en mi medio de expresi\u00f3n, y transformarlas en materiales escult\u00f3ricos. Me baso en la relaci\u00f3n espacio-luz y en las sombras proyectadas por las propias obras, las que pasan a ser elementos compositivos cambiantes.<\/p>\n<p style=\"font-weight: 400;\">Mi \u00e9tica es la esencialidad y mi est\u00e9tica la diversidad formal, usando una t\u00e9cnica muy depurada como enlace de ambas.<\/p>\n<p style=\"font-weight: 400;\">El proyecto de investigaci\u00f3n en el que estoy trabajando, y su hilo conductor, se centra en la transformaci\u00f3n a trav\u00e9s\u00a0 del cambio continuo. En este, nada permanece igual, la energ\u00eda con constante actividad destruyendo y construyendo al enfrentarse a la realidad y el paso del tiempo.<\/p>\n<p style=\"font-weight: 400;\">Las esculturas que realizo son experiencias vividas; son parte de m\u00ed, de mi alma. Trabajo con un concepto abstracto la construcci\u00f3n escult\u00f3rica unido al azar con el que voy corrigiendo y decidiendo espont\u00e1neamente con una acci\u00f3n din\u00e1mica.<\/p>\n<p style=\"font-weight: 400;\">Mis obras tienen un lenguaje propio y esto hace que el espectador se sienta integrado en ellas ofreciendo una mirada caleidosc\u00f3pica con el fin de generar una sinergia art\u00edstica con el p\u00fablico.<\/p>\n<p style=\"font-weight: 400;\">Con la serie<em> Camino<\/em> expreso el ciclo de la vida y sus decisiones entrando en un mundo de experiencias, sensaciones y transformaciones que llevan a reencontrarnos con el origen de nuestra esencia. Con la serie<em> Mara\u00f1as<\/em><em>,<\/em> profundizo en el dolor de la muerte y su sentido de p\u00e9rdida; por una parte, la <em>p\u00e9rdida<\/em> del ser querido, y por otra el perderse uno mismo.<\/p>\n<p style=\"font-weight: 400;\">La serie<em> \u00c9 \u2013 Panta rei<\/em> a\u00fana la experiencia de la \u00ab<em>Serie Caminos<\/em>\u00bb y de la \u00ab<em>Serie Mara\u00f1as<\/em>\u00bb creadas en estos \u00faltimos a\u00f1os, en la que he elegido experimentar una transformaci\u00f3n interna hecha desde el amor y la libertad de valorar la dignidad de cada individuo, sintiendo que \u201ctodo fluye, nada se detiene\u201d en esta experiencia vital de cambio continuo.<\/p>\n<p style=\"font-weight: 400;\">En <strong><em>En tr\u00e1nsito<\/em><\/strong> es la evoluci\u00f3n natural de la serie \u00c9 \u2013 Panta rei, en la que incorporo los \u00faltimos elementos de esta e introduzco nuevas dimensiones marcando un cierre de un ciclo creativo y el inicio de otro, en el que la introspecci\u00f3n y la exploraci\u00f3n han guiado mi trabajo y en donde cuestiono y redefino mi lenguaje escult\u00f3rico, jugando con el espacio, las sombras, el vac\u00edo y lo esencial. Como una cris\u00e1lida que se prepara para volar. Esta etapa es un interludio cargado de energ\u00eda en el que experimento un proceso de renovaci\u00f3n.<\/p>\n<p style=\"font-weight: 400;\">Este camino evolutivo desemboca en la serie <strong><em>Reencuentro<\/em><\/strong> donde abordo la esencia intr\u00ednseca de m\u00ed misa.<\/p>\n<p style=\"font-weight: 400;\">Donde el espejo se erige como testigo y catalizador de esta metamorfosis, reflejando no solo la imagen superficial, sino invitando a una experiencia inmersiva que desencadena la autoconciencia y la liberaci\u00f3n de las ataduras de una identidad preestablecida. As\u00ed, convoco a qui\u00e9n lo observe, a un viaje introspectivo, en el que cada obra es un ritual de cambio, una llamada a dejar atr\u00e1s lo conocido para abrazar lo esencial y lo trascendente.<\/p>\n<p style=\"font-weight: 400;\">En el concepto \u201cQuemar es resurgir\u201d, simboliza volver a empezar desde mi propio renacimiento, lo plasmo en la interacci\u00f3n con telas met\u00e1licas que, al hacerlas quemar, simbolizan purificaci\u00f3n, introspecci\u00f3n interior y libertad.<\/p>\n<p style=\"font-weight: 400;\">En las esculturas <em>Et\u00e9reas<\/em><strong><em>,<\/em><\/strong> la curva y el material los presento desprovistos de artificio, desnudos, revelando lo m\u00e1s \u00edntimo del proceso creativo. La tridimensionalidad de las piezas ofrece al espectador la posibilidad de recorrerlas desde m\u00faltiples \u00e1ngulos, descubriendo c\u00f3mo esa manipulaci\u00f3n directa de la materia no solo moldea el espacio, sino que tambi\u00e9n expone una b\u00fasqueda profunda de renovaci\u00f3n. Cada forma\u00a0 act\u00faa como un eco del despojo interior: un gesto de autenticidad que invita a quien observa a confrontarse con su propia identidad.<\/p>\n<div class=\"ult_exp_section_layer ult-adjust-bottom-margin  \">\n<div id=\"uvc-exp-wrap-9153\" class=\"ult_exp_section  ult-responsive \" data-ultimate-target=\"#uvc-exp-wrap-9153\" data-responsive-json-new=\"{&quot;font-size&quot;:&quot;desktop:20px;&quot;,&quot;line-height&quot;:&quot;desktop:20px;&quot;}\" data-textcolor=\"#333333\" data-texthover=\"#333333\" data-icncolor=\"#333333\" data-ihover=\"#333333\" data-height=\"0\" data-cntbg=\"#ffffff\" data-cnthvrbg=\"#e5e5e5\" data-headerbg=\"#ffffff\" data-headerhover=\"#e5e5e5\" data-title=\"Leer m\u00e1s\" data-newtitle=\"Cerrar\" data-icon=\"\" data-newicon=\"\" data-activeicon=\"#333333\" data-effect=\"slideToggle\" data-override=\"0\" data-activetitle=\"#333333\" data-activebg=\"#dbdbdb\" data-img=\"\" data-newimg=\"\">\n<div class=\"ult_exp_section-main \">\n<p>\n<div class=\"is-divider divider clearfix\" style=\"max-width:1920px;\"><\/div>\n<p><strong>EXPERIENCIA PROFESIONAL<\/strong><\/p>\n<div class=\"ult_exp_section_layer ult-adjust-bottom-margin  \">\n<div id=\"uvc-exp-wrap-9153\" class=\"ult_exp_section  ult-responsive \" data-ultimate-target=\"#uvc-exp-wrap-9153\" data-responsive-json-new=\"{&quot;font-size&quot;:&quot;desktop:20px;&quot;,&quot;line-height&quot;:&quot;desktop:20px;&quot;}\" data-textcolor=\"#333333\" data-texthover=\"#333333\" data-icncolor=\"#333333\" data-ihover=\"#333333\" data-height=\"0\" data-cntbg=\"#ffffff\" data-cnthvrbg=\"#e5e5e5\" data-headerbg=\"#ffffff\" data-headerhover=\"#e5e5e5\" data-title=\"Leer m\u00e1s\" data-newtitle=\"Cerrar\" data-icon=\"\" data-newicon=\"\" data-activeicon=\"#333333\" data-effect=\"slideToggle\" data-override=\"0\" data-activetitle=\"#333333\" data-activebg=\"#dbdbdb\" data-img=\"\" data-newimg=\"\">\n<div class=\"ult_exp_section-main \">\n<p><b>Exposiciones individuales<\/b><\/p>\n<ul>\n<li><strong><strong>2025 <\/strong><\/strong>\u00a0<em>M\u00e1s all\u00e1 de la forma<\/em>, Oficina de Propiedad Intelectual de la Uni\u00f3n Europea (EUIPO), Alicante.<\/li>\n<li><strong>2024<\/strong> \u00a0Fantastick Lab, Valencia, Espa\u00f1a.<\/li>\n<li><strong>2022 \u00a0<\/strong>The Other Art Fair, Saatchi Gallery, Londres, Reino Unido.<\/li>\n<li><strong>2022<\/strong> \u00a0Art Nordic (Scandinavian Fair), Copenhague, Dinamarca.<\/li>\n<li><strong>2022 \u00a0<\/strong><em>Vol\u00e1tiles<\/em>, ArtQuake Gallery, Espacio Cruz Bajo, Madrid.<\/li>\n<li><strong>2021<\/strong> \u00a0Artist 360\u00ba, Madrid.<\/li>\n<li><strong>2020<\/strong> \u00a0Galer\u00eda Santamaca, Alicante.\u00a0<\/li>\n<li><strong>2019<\/strong> \u00a0<em>Entre Caminos y Mara\u00f1as<\/em>, Sede Universitaria de la Ciudad de Alicante, Sala Miguel Hern\u00e1ndez.<\/li>\n<li><strong>2019<\/strong>\u00a0\u00a0<em>Deshaciendo las Mara\u00f1a I<\/em>I, Casa de Cultura, Castalla.<span class=\"Apple-converted-space\"><br \/><\/span><\/li>\n<li><strong>2018<\/strong>\u00a0\u00a0<em>Deshaciendo la Mara\u00f1a<\/em>, Casa de Cultura de Sant Joan d\u00b4Alacant, Sala Pablo Lau.<span class=\"Apple-converted-space\"><br \/><\/span><\/li>\n<li><strong>2017<\/strong>\u00a0\u00a0<em>Iridiscencias<\/em>, ACAS, Elche.<span class=\"Apple-converted-space\"><br \/><\/span><\/li>\n<li><strong>2013<\/strong>\u00a0\u00a0<em>Inicios<\/em>, Espacio Expositivo Migas, Alicante.<\/li>\n<\/ul>\n<p><b>Exposiciones colectivas<\/b><\/p>\n<ul>\n<li><strong>2025<\/strong> Artista destacada, <span style=\"color: #555555;\">New from Small Galleries, Artsy<\/span><\/li>\n<li><strong>2025 <\/strong><span style=\"color: #555555;\">Splash Exhibition, Miami Art Week, The Nova Galley.<\/span><\/li>\n<li><strong>2025<\/strong> <em>El arte de la simplicidad<\/em>, Arspect, Barcelona.<\/li>\n<li><strong>2025<\/strong> \u00a0One World, Museu T\u00eaxtil, S\u00e3o Paulo, Brazil.<\/li>\n<li><strong>2024<\/strong> \u00a0Saatchiart, Beyond the Canvas, Mix Media and Sculpture Online Gallery.<\/li>\n<li><strong>2024<\/strong>\u00a0 York Art Gallery, York, Reino Unido.<\/li>\n<li><strong>2023<\/strong>\u00a0 A &amp; G Banca Privada, Madrid.\u00a0<\/li>\n<li><strong>2023<\/strong>\u00a0 XVII Exposici\u00f3n Internacional Museo Virtual MundoArti Spring Season.\u00a0<\/li>\n<li><strong>2022<\/strong> \u00a0ArtQuake Gallery, Monbull Corner, Madrid.<\/li>\n<li><strong>2021<\/strong>\u00a0 SCULTO, Feria Internacional de Escultura Contempor\u00e1nea, (IV edici\u00f3n), Logro\u00f1o.<\/li>\n<li><strong>2020<\/strong>\u00a0 Galer\u00eda Volta, Alicante.<\/li>\n<li><strong>2020<\/strong>\u00a0\u00a0<em>Estos d\u00edas<\/em>, Galer\u00eda Tres por cuatro, Madrid.<\/li>\n<li><strong>2020<\/strong>\u00a0 Historias de un Encierro (Online), Sede Universitaria de la Ciudad de Alicante.<span class=\"Apple-converted-space\"><br \/><\/span><\/li>\n<li><strong>2019<\/strong>\u00a0 XXXI Muestra Internacional y Multidisciplinar de Arte Contempor\u00e1neo, CircuitArtisitic, Barcelona.<span class=\"Apple-converted-space\"><br \/><\/span><\/li>\n<li><strong>2019<\/strong>\u00a0 Colectiva Contempor\u00e1nea, Galer\u00eda Abartium, Candetelles, Barcelona.<span class=\"Apple-converted-space\"><br \/><\/span><\/li>\n<li><strong>2018\/ 2017<\/strong>\u00a0 Esculturas en Piedra Natural, Fundaci\u00f3n Levantina-UMH. Itinerancia: Centro de Interpretaci\u00f3n de m\u00e1rmol y vino de Pinoso, Centro Cultural G\u00f3mez Tortosa de Novelda y Showroom de Levantina de Novelda.<span class=\"Apple-converted-space\"><br \/><\/span><\/li>\n<li><strong>2014<\/strong>\u00a0 10 (Ten) in Project, Centro de Artes de Andr\u00e9s Lambert en J\u00e1vea, Alicante.<\/li>\n<li><strong>2013<\/strong>\u00a0 Tr\u00e1nsitos II, Casa de Cultura de Sant Joan d\u00b4Alacant.<span class=\"Apple-converted-space\"><br \/><\/span><\/li>\n<li><strong>2013<\/strong>\u00a0 Tr\u00e1nsitos, Finca La Barbera, Villajoyosa, Alicante.<span class=\"Apple-converted-space\"><br \/><\/span><\/li>\n<li><strong>2011<\/strong>\u00a0 Espacios reconstruidos 01, Fundaci\u00f3n Frax, El Albir, Alicante.<\/li>\n<li><strong>2011<\/strong>\u00a0 Exposici\u00f3n del IV Certamen de Pintura Abstracta, Casa de la Mediterran\u00eda, La Nuc\u00eda, Alicante.<span class=\"Apple-converted-space\"><br \/><\/span><\/li>\n<li><strong>2011<\/strong>\u00a0 100% Fotograf\u00eda, Sala Rip, Altea, Alicante.<\/li>\n<\/ul>\n<p><b>Premios<\/b><\/p>\n<ul>\n<li><strong>2024<\/strong>\u00a0 Finalista en Aesthetica Art Prize 2024, York, Reino Unido.<\/li>\n<li><strong>2023<\/strong>\u00a0 Finalista, 90 seconds, Sculpture Network, Centre Pompidu, M\u00e1laga.\u00a0<\/li>\n<li><strong>2023 \u00a0<\/strong>Visual Art Open UK &amp; International Emerging Artist Awards 2023 Longlisted, Londres, Reino Unido.<\/li>\n<li><strong>2023<\/strong>\u00a0 VAA Profesional Artis Awards 2023 Longlisted, Londres.<\/li>\n<li><strong>2021 \u00a0<\/strong>Finalista en la Residencia Cluster, Londres.<\/li>\n<li><strong>2020<\/strong> \u00a0Premio de Plata, Awesome Art Prizes, Edici\u00f3n de Primavera 2020.<\/li>\n<li><strong>2021<\/strong> \u00a0Finalista en la Residencia Cluster, Londres.\u00a0<\/li>\n<li><strong>2019<\/strong> Finalista en la XXXI Muestra Internacional y Multidisciplinar de Arte Contempor\u00e1neo, Barcelona.<\/li>\n<li><strong>2017<\/strong> Finalista en los II Premios de Escultura en Piedra Fundaci\u00f3n Levantina-UMH, Novelda, Alicante.<\/li>\n<\/ul>\n<\/div>\n<\/div>\n<p>\u00a0<\/p>\n<div id=\"uvc-exp-wrap-9153\" class=\"ult_exp_section  ult-responsive \" data-ultimate-target=\"#uvc-exp-wrap-9153\" data-responsive-json-new=\"{&quot;font-size&quot;:&quot;desktop:20px;&quot;,&quot;line-height&quot;:&quot;desktop:20px;&quot;}\" data-textcolor=\"#333333\" data-texthover=\"#333333\" data-icncolor=\"#333333\" data-ihover=\"#333333\" data-height=\"0\" data-cntbg=\"#ffffff\" data-cnthvrbg=\"#e5e5e5\" data-headerbg=\"#ffffff\" data-headerhover=\"#e5e5e5\" data-title=\"Leer m\u00e1s\" data-newtitle=\"Cerrar\" data-icon=\"\" data-newicon=\"\" data-activeicon=\"#333333\" data-effect=\"slideToggle\" data-override=\"0\" data-activetitle=\"#333333\" data-activebg=\"#dbdbdb\" data-img=\"\" data-newimg=\"\">\n<div class=\"ult_exp_section-main \">\n<p><b>FORMACI\u00d3N ACAD\u00c9MICA<\/b><\/p>\n<ul>\n<li><strong>2010\/ 2014<\/strong> \u00a0 \u00a0Graduada en Bellas Artes por laUniversidadMiguel Hern\u00e1ndez (Elche).<\/li>\n<li><strong>2007\/ 2009<\/strong> \u00a0 \u00a0M\u00e1ster en Experto-Tasador en Antig\u00fcedades \u00a0y Obras de Arte en la Universidad Alcal\u00e1 de Henares\u00a0(Madrid).<\/li>\n<\/ul>\n<p>\u00a0<\/p>\n<p><b>Publicaciones<\/b><\/p>\n<ul>\n<li><strong>2025 https:\/\/www.artsy.net\/collection\/new-from-small-galleries?page=4&amp;sort=-partner_updated_at\u00a0<\/strong><\/li>\n<li><strong><strong>2025 <\/strong><\/strong><span style=\"color: #555555;\">Artista Destacado, Aesthetica, Revista de Arte y Cultura \u2013 Directorio de Artistas, N\u00famero 128, diciembre\/enero de 2026, p\u00e1g. 135.<\/span><\/li>\n<li><strong>2025 https:\/\/www.instagram.com\/p\/DKNMb8hNHWH\/?utm_source=ig_web_copy_link\u00a0<\/strong><\/li>\n<li><strong>2025 https:\/\/www.instagram.com\/p\/DHqRxaiMAXp\/?img_index=1\u00a0<\/strong><\/li>\n<li><strong>2025 https:\/\/www.instagram.com\/p\/DJ6VkpVTxvM\/?img_index=1\u00a0<\/strong><\/li>\n<li><strong>2024<\/strong> <a href=\"https:\/\/www.saatchiart.com\/en-es\/shows\/beyond-the-canvas\">https:\/\/www.saatchiart.com\/en-es\/shows\/beyond-the-canvas\u00a0<\/a><\/li>\n<li><strong>2024 <\/strong><a href=\"https:\/\/artprize.aestheticamagazine.com\/projects\/almudena-torro\/\">https:\/\/artprize.aestheticamagazine.com\/projects\/almudena-torro\/\u00a0<\/a><\/li>\n<li><strong>2024<\/strong><a href=\"https:\/\/www.yorkartgallery.org.uk\/exhibition\/the-aesthetica-art-prize-2024\/\"> https:\/\/www.yorkartgallery.org.uk\/exhibition\/the-aesthetica-art-prize-2024\/\u00a0<\/a><\/li>\n<li><strong>2024<\/strong><a href=\"https:\/\/artprize.aestheticamagazine.com\/2024-prize\/\"> https:\/\/artprize.aestheticamagazine.com\/2024-prize\/\u00a0<\/a><\/li>\n<li><strong>2023<\/strong>\u00a0<a href=\"https:\/\/sculpture-network.org\/en\/page\/69173\/sculpture-and-climate-emergency\">https:\/\/sculpture-network.org\/en\/page\/69173\/sculpture-and-climate-emergency<\/a><\/li>\n<li>2023\u00a0<a href=\"https:\/\/www.youtube.com\/watch?v=7ik3Vdnv8XM\">https:\/\/www.youtube.com\/watch?v=7ik3Vdnv8XM<\/a><\/li>\n<li><span style=\"font-size: 90%;\"><strong>2023<\/strong><a href=\"https:\/\/galerianueva.com\/expositores\/gn-art-fair\/\">https:\/\/galerianueva.com\/expositores\/gn-art-fair\/<\/a><\/span><\/li>\n<li><span style=\"font-size: 90%;\"><strong>2022<\/strong><a href=\"https:\/\/amparozacares.com\/almudena-torro\/\">https:\/\/amparozacares.com\/almudena-torro\/<\/a><\/span><\/li>\n<li><span style=\"font-size: 90%;\"><strong>2022<\/strong>https:\/\/www.cruzbajo.com\/almudenatorro<\/span><\/li>\n<li><span style=\"font-size: 90%;\"><strong>2022<\/strong><a href=\"https:\/\/www.artquakegallery.com\/volatiles\">https:\/\/www.artquakegallery.com\/volatiles<\/a><\/span><span style=\"font-size: 90%;\">https:\/\/www.youtube.com\/watch?v=O1ghrLmfGnA<\/span><\/li>\n<li><span style=\"font-size: 90%;\"><strong>2022<\/strong><a href=\"https:\/\/www.artquakegallery.com\/monbull\">https:\/\/www.artquakegallery.com\/monbull<\/a><\/span><span style=\"font-size: 90%;\"><a href=\"https:\/\/notedetengas.es\/este-jueves-se-inaugura-la-galeria-arte-artquake-gallery-espacio-monbull-corner-madrid\/\">https:\/\/notedetengas.es\/este-jueves-se-inaugura-la-galeria-arte-artquake-gallery-espacio-monbull-corner-madrid\/<\/a><\/span><\/li>\n<li><span style=\"font-size: 90%;\"><strong>2022<\/strong><a href=\"https:\/\/art-nordic.dk\/kunstnere\/almudena-torro\/\">https:\/\/art-nordic.dk\/kunstnere\/almudena-torro\/<\/a><\/span><\/li>\n<li><span style=\"font-size: 90%;\"><strong>2021<\/strong><a href=\"https:\/\/www.youtube.com\/watch?v=jTEWjFPPgHc\">https:\/\/www.youtube.com\/watch?v=jTEWjFPPgHc<\/a><\/span><\/li>\n<li><span style=\"font-size: 90%;\"><strong>2021\u00a0<\/strong><a href=\"https:\/\/www.youtube.com\/shorts\/zD2c2Bgf8Y0\">https:\/\/www.youtube.com\/shorts\/zD2c2Bgf8Y0<\/a><\/span><\/li>\n<li><span style=\"font-size: 90%;\"><strong>2020<\/strong><a href=\"https:\/\/viviendasvolta.com\/exposiciones\/al-hilo-del-art\/\">https:\/\/viviendasvolta.com\/exposiciones\/al-hilo-del-art\/<\/a><\/span><\/li>\n<li><span style=\"font-size: 90%;\"><strong>2020<\/strong>18 Historias de un encierro, Sede Universitaria Ciudad de Alicante, ISBN: 978-121416-7-2<\/span><\/li>\n<li><span style=\"font-size: 90%;\"><strong>2020<\/strong><a href=\"http:\/\/www.mediategy.com\/awesome\/index.html\">http:\/\/www.mediategy.com\/awesome\/index.html<\/a>\u00a0\u00a0\u00a0(p\u00e1ginas 16 y 17)<\/span><\/li>\n<li><span style=\"font-size: 90%;\"><strong>2020<\/strong><a href=\"https:\/\/www.youtube.com\/watch?v=RIsEkC5Z8AA&amp;feature=youtu.be\">https:\/\/www.youtube.com\/watch?v=RIsEkC5Z8AA&amp;feature=youtu.be<\/a>\u00a0\u00a0\u00a0(1:30 \u2013 1:47 min)<\/span><\/li>\n<li><span style=\"font-size: 90%;\"><strong>2019<\/strong><a href=\"https:\/\/web.ua.es\/de\/sedealicante\/programa-de-actividades\/2018-2019\/exposiciones\/entre-caminos-y-maranas.-almudena-torro.html\">https:\/\/web.ua.es\/de\/sedealicante\/programa-de-actividades\/2018-2019\/exposiciones\/entre-caminos-y-maranas.-almudena-torro.html<\/a><\/span><br \/><span style=\"font-size: 90%;\"><a href=\"https:\/\/web.ua.es\/es\/sedealicante\/galeria-de-fotos\/2018-2019\/exposiciones\/entre-caminos-y-maranas\/inauguracion-de-la-exposicio-entre-caminos-y-maranas.-almudena-torro.html\">\u00a0 \u00a0 \u00a0 \u00a0 \u00a0 \u00a0 https:\/\/web.ua.es\/es\/sedealicante\/galeria-de-fotos\/2018-2019\/exposiciones\/entre-caminos-y-maranas\/inauguracion-de-la-exposicio-entre-caminos-y-maranas.-almudena-torro.html<\/a><\/span><\/li>\n<li><span style=\"font-size: 90%;\"><strong>2018<\/strong><a href=\"https:\/\/santjoandalacant.es\/es\/cultura\/inauguracion-exposicion-deshaciendo-marana-almudena-torro\">https:\/\/santjoandalacant.es\/es\/cultura\/inauguracion-exposicion-deshaciendo-marana-almudena-torro<\/a><\/span><\/li>\n<li><span style=\"font-size: 90%;\"><strong>2017<\/strong><a href=\"https:\/\/www.laventanadelarte.es\/exposiciones\/acas-angel-castano-art-space\/comunidad-valenciana\/elche-elx\/almudena-torro\/30039\">https:\/\/www.laventanadelarte.es\/exposiciones\/acas-angel-castano-art-space\/comunidad-valenciana\/elche-elx\/almudena-torro\/30039<\/a><\/span><br \/><span style=\"font-size: 90%;\"><a href=\"http:\/\/alicantehoy.es\/2017\/10\/03\/iridiscencias-la-artista-almudena-torro\/\">http:\/\/alicantehoy.es\/2017\/10\/03\/iridiscencias-la-artista-almudena-torro\/<\/a><\/span><\/li>\n<\/ul>\n<p>\u00a0<\/p>\n<p><b>Jurado<\/b><\/p>\n<ul>\n<li><strong>2020<\/strong> Miembro del Jurado del 53 Certamen de Pintura, Vila de Sant Joan d\u00b4Alacant.<\/li>\n<li><strong>2019<\/strong> Miembro del Jurado del 52 Certamen de Pintura, Vila de Sant Joan d\u00b4Alacant.<\/li>\n<li><strong>2018<\/strong> Miembro del Jurado del 51 Certamen de Pintura, Vila de Sant Joan d\u00b4Alacant.<\/li>\n<\/ul>\n<\/div>\n<\/div>\n<\/div>\n<p>\u00a0<\/p>\n\t\t<\/div>\n\t\t\t\t\t<\/div>\n\n\t\n<\/div>\n<div class=\"text-center\"><div class=\"is-divider divider clearfix\" style=\"max-width:1900px;\"><\/div><\/div>\n<div class=\"row row-small row-full-width row-dashed\"  id=\"row-1515851067\">\n<p>\n\n\t<div id=\"col-1083049964\" class=\"col medium-2 large-2\"  >\n\t\t\t\t<div class=\"col-inner\"  >\n\t\t\t\n\t\t\t\n<p>\n\t<div id=\"text-2539978283\" class=\"text\">\n\t\t\n<h2 style=\"text-align: center;\"><a href=\"https:\/\/almudenatorro.com\/es\/reencuentro\/\">Reencuentro<\/a><\/h2>\n<p>\n\t\t\n<style>\n#text-2539978283 {\n  color: rgb(0,0,0);\n}\n#text-2539978283 > * {\n  color: rgb(0,0,0);\n}\n<\/style>\n\t<\/div>\n\t\n<\/p>\n\t\t<\/div>\n\t\t\t\t\t<\/div>\n\n\t\n\n\t<div id=\"col-2051453033\" class=\"col medium-2 small-12 large-2\"  >\n\t\t\t\t<div class=\"col-inner\"  >\n\t\t\t\n\t\t\t\n<p>\n\t<div id=\"text-2523385658\" class=\"text\">\n\t\t\n<h2 style=\"text-align: center;\"><a href=\"https:\/\/almudenatorro.com\/es\/en-transito\/\">En tr\u00e1nsito<\/a><\/h2>\n<p>\n\t\t\n<style>\n#text-2523385658 {\n  color: rgb(0,0,0);\n}\n#text-2523385658 > * {\n  color: rgb(0,0,0);\n}\n<\/style>\n\t<\/div>\n\t\n<\/p>\n\t\t<\/div>\n\t\t\t\t\t<\/div>\n\n\t\n\n\t<div id=\"col-627580281\" class=\"col medium-2 small-12 large-2\"  >\n\t\t\t\t<div class=\"col-inner\"  >\n\t\t\t\n\t\t\t\n<p>\n\t<div id=\"text-3364935019\" class=\"text\">\n\t\t\n<h2 style=\"text-align: center;\"><a href=\"https:\/\/almudenatorro.com\/es\/e-panta-rei\/\">E-Panta rei<\/a><\/h2>\n<p>\n\t\t\n<style>\n#text-3364935019 {\n  color: rgb(0,0,0);\n}\n#text-3364935019 > * {\n  color: rgb(0,0,0);\n}\n<\/style>\n\t<\/div>\n\t\n<\/p>\n\t\t<\/div>\n\t\t\t\t\t<\/div>\n\n\t\n\n\t<div id=\"col-1606648169\" class=\"col medium-2 large-2\"  >\n\t\t\t\t<div class=\"col-inner\"  >\n\t\t\t\n\t\t\t\n<p>\n\t<div id=\"text-788970249\" class=\"text\">\n\t\t\n<h2 style=\"text-align: center;\"><a href=\"https:\/\/almudenatorro.com\/es\/maranas\/\">Mara\u00f1as<\/a><\/h2>\n<p>\n\t\t\n<style>\n#text-788970249 {\n  text-align: center;\n  color: rgb(0, 0, 0);\n}\n#text-788970249 > * {\n  color: rgb(0, 0, 0);\n}\n<\/style>\n\t<\/div>\n\t\n<\/p>\n\t\t<\/div>\n\t\t\t\t\t<\/div>\n\n\t\n\n\t<div id=\"col-1025801811\" class=\"col medium-2 large-2\"  >\n\t\t\t\t<div class=\"col-inner\"  >\n\t\t\t\n\t\t\t\n<p>\n\t<div id=\"text-3723310360\" class=\"text\">\n\t\t\n<h2 style=\"text-align: center;\"><a href=\"https:\/\/almudenatorro.com\/caminos\/\">Caminos<\/a><\/h2>\n<p>\n\t\t\n<style>\n#text-3723310360 {\n  color: rgb(0,0,0);\n}\n#text-3723310360 > * {\n  color: rgb(0,0,0);\n}\n<\/style>\n\t<\/div>\n\t\n<\/p>\n\t\t<\/div>\n\t\t\t\t\t<\/div>\n\n\t\n\n\t<div id=\"col-697528374\" class=\"col medium-2 small-12 large-2\"  >\n\t\t\t\t<div class=\"col-inner\"  >\n\t\t\t\n\t\t\t\n<p>\n\t<div id=\"text-712224340\" class=\"text\">\n\t\t\n<h2 style=\"text-align: center;\"><a href=\"https:\/\/almudenatorro.com\/es\/origen\/\">Origen<\/a><\/h2>\n<p>\n\t\t\n<style>\n#text-712224340 {\n  color: rgb(0,0,0);\n}\n#text-712224340 > * {\n  color: rgb(0,0,0);\n}\n<\/style>\n\t<\/div>\n\t\n<\/p>\n\t\t<\/div>\n\t\t\t\t\t<\/div>\n\n\t\n<\/p>\n<\/div>\n<div class=\"is-divider divider clearfix\" style=\"max-width:1920px;\"><\/div>\n<div class=\"row align-middle align-center\"  id=\"row-1676211923\">\n\n\t<div id=\"col-159129966\" class=\"col medium-3 small-12 large-3\"  >\n\t\t\t\t<div class=\"col-inner\"  >\n\t\t\t\n\t\t\t\n\t\t<\/div>\n\t\t\t\t\t<\/div>\n\n\t\n\n\t<div id=\"col-241199955\" class=\"col medium-5 small-12 large-5\"  >\n\t\t\t\t<div class=\"col-inner text-center\"  >\n\t\t\t\n\t\t\t\n\t<div class=\"img has-hover x md-x lg-x y md-y lg-y\" id=\"image_1828571681\">\n\t\t<a class=\"\" href=\"https:\/\/almudenatorro.com\/contacto\/\" >\t\t\t\t\t\t<div class=\"img-inner image-zoom dark\" >\n\t\t\t<img loading=\"lazy\" decoding=\"async\" width=\"150\" height=\"150\" src=\"https:\/\/almudenatorro.com\/wp-content\/uploads\/2019\/10\/cropped-logoat-150x150.jpg\" class=\"attachment-thumbnail size-thumbnail\" alt=\"\" srcset=\"https:\/\/almudenatorro.com\/wp-content\/uploads\/2019\/10\/cropped-logoat-150x150.jpg 150w, https:\/\/almudenatorro.com\/wp-content\/uploads\/2019\/10\/cropped-logoat-300x300.jpg 300w, https:\/\/almudenatorro.com\/wp-content\/uploads\/2019\/10\/cropped-logoat-270x270.jpg 270w, https:\/\/almudenatorro.com\/wp-content\/uploads\/2019\/10\/cropped-logoat-192x192.jpg 192w, https:\/\/almudenatorro.com\/wp-content\/uploads\/2019\/10\/cropped-logoat-180x180.jpg 180w, https:\/\/almudenatorro.com\/wp-content\/uploads\/2019\/10\/cropped-logoat-32x32.jpg 32w, https:\/\/almudenatorro.com\/wp-content\/uploads\/2019\/10\/cropped-logoat.jpg 512w\" sizes=\"auto, (max-width: 150px) 100vw, 150px\" \/>\t\t\t\t\t\t\n\t\t\t\t\t<\/div>\n\t\t\t\t\t\t<\/a>\t\t\n<style>\n#image_1828571681 {\n  width: 21%;\n}\n<\/style>\n\t<\/div>\n\t\n<p class=\"uppercase\"><a href=\"https:\/\/almudenatorro.com\/es\/contacto\/\">contacta<\/a><\/p>\n<p>\n<div class=\"social-icons follow-icons\" style=\"font-size:102%\"><a href=\"https:\/\/www.facebook.com\/almudenatorrovisualartist\" target=\"_blank\" data-label=\"Facebook\" class=\"icon plain facebook tooltip\" title=\"S\u00edguenos en Facebook\" aria-label=\"S\u00edguenos en Facebook\" rel=\"noopener nofollow\" ><i class=\"icon-facebook\" ><\/i><\/a><a href=\"https:\/\/www.instagram.com\/almudena.torro\/\" target=\"_blank\" data-label=\"Instagram\" class=\"icon plain instagram tooltip\" title=\"S\u00edguenos en Instagram\" aria-label=\"S\u00edguenos en Instagram\" rel=\"noopener nofollow\" ><i class=\"icon-instagram\" ><\/i><\/a><a href=\"mailto:almudena.torro@gmail.com\" data-label=\"E-mail\" target=\"_blank\" class=\"icon plain email tooltip\" title=\"Env\u00edanos un email\" aria-label=\"Env\u00edanos un email\" rel=\"nofollow noopener\" ><i class=\"icon-envelop\" ><\/i><\/a><\/div>\n\t\t<\/div>\n\t\t\t\t\t<\/div>\n\n\t\n\n\t<div id=\"col-1064474066\" class=\"col medium-3 small-12 large-3\"  >\n\t\t\t\t<div class=\"col-inner\"  >\n\t\t\t\n\t\t\t\n\t\t<\/div>\n\t\t\t\t\t<\/div>\n\n\t\n<\/div>\n\t\t<\/div>\n\n\t\t\n<style>\n#section_1176876587 {\n  padding-top: 0px;\n  padding-bottom: 0px;\n  margin-bottom: -10px;\n  background-color: rgb(255, 255, 255);\n}\n#section_1176876587 .section-bg-overlay {\n  background-color: rgba(255, 255, 255, 0.85);\n}\n<\/style>\n\t<\/section>\n\t\n","protected":false},"excerpt":{"rendered":"","protected":false},"author":1,"featured_media":0,"parent":0,"menu_order":0,"comment_status":"closed","ping_status":"closed","template":"page-blank.php","meta":{"_monsterinsights_skip_tracking":false,"_monsterinsights_sitenote_active":false,"_monsterinsights_sitenote_note":"","_monsterinsights_sitenote_category":0,"footnotes":""},"class_list":["post-1011","page","type-page","status-publish","hentry"],"yoast_head":"<!-- This site is optimized with the Yoast SEO plugin v27.0 - https:\/\/yoast.com\/product\/yoast-seo-wordpress\/ -->\n<title>Almudena Torr\u00f3- Escultora - bio %<\/title>\n<meta name=\"description\" content=\"Trabajo a trav\u00e9s de la abstracci\u00f3n y la construcci\u00f3n escult\u00f3rica, siendo importante el acontecimiento y el proceso en la creaci\u00f3n de mis obras\" \/>\n<meta name=\"robots\" content=\"index, follow, max-snippet:-1, max-image-preview:large, max-video-preview:-1\" \/>\n<link rel=\"canonical\" href=\"https:\/\/almudenatorro.com\/es\/bio\/\" \/>\n<meta property=\"og:locale\" content=\"es_ES\" \/>\n<meta property=\"og:type\" content=\"article\" \/>\n<meta property=\"og:title\" content=\"Almudena Torr\u00f3- Escultora - bio %\" \/>\n<meta property=\"og:description\" content=\"Trabajo a trav\u00e9s de la abstracci\u00f3n y la construcci\u00f3n escult\u00f3rica, siendo importante el acontecimiento y el proceso en la creaci\u00f3n de mis obras\" \/>\n<meta property=\"og:url\" content=\"https:\/\/almudenatorro.com\/es\/bio\/\" \/>\n<meta property=\"og:site_name\" content=\"Almudena Torr\u00f3\" \/>\n<meta property=\"article:modified_time\" content=\"2025-12-30T09:13:43+00:00\" \/>\n<meta name=\"twitter:card\" content=\"summary_large_image\" \/>\n<meta name=\"twitter:label1\" content=\"Tiempo de lectura\" \/>\n\t<meta name=\"twitter:data1\" content=\"7 minutos\" \/>\n<script type=\"application\/ld+json\" class=\"yoast-schema-graph\">{\"@context\":\"https:\/\/schema.org\",\"@graph\":[{\"@type\":\"WebPage\",\"@id\":\"https:\/\/almudenatorro.com\/es\/bio\/\",\"url\":\"https:\/\/almudenatorro.com\/es\/bio\/\",\"name\":\"Almudena Torr\u00f3- Escultora - bio %\",\"isPartOf\":{\"@id\":\"https:\/\/almudenatorro.com\/es\/#website\"},\"datePublished\":\"2019-12-03T14:50:11+00:00\",\"dateModified\":\"2025-12-30T09:13:43+00:00\",\"description\":\"Trabajo a trav\u00e9s de la abstracci\u00f3n y la construcci\u00f3n escult\u00f3rica, siendo importante el acontecimiento y el proceso en la creaci\u00f3n de mis obras\",\"breadcrumb\":{\"@id\":\"https:\/\/almudenatorro.com\/es\/bio\/#breadcrumb\"},\"inLanguage\":\"es\",\"potentialAction\":[{\"@type\":\"ReadAction\",\"target\":[\"https:\/\/almudenatorro.com\/es\/bio\/\"]}]},{\"@type\":\"BreadcrumbList\",\"@id\":\"https:\/\/almudenatorro.com\/es\/bio\/#breadcrumb\",\"itemListElement\":[{\"@type\":\"ListItem\",\"position\":1,\"name\":\"Portada\",\"item\":\"https:\/\/almudenatorro.com\/es\/\"},{\"@type\":\"ListItem\",\"position\":2,\"name\":\"Bio\"}]},{\"@type\":\"WebSite\",\"@id\":\"https:\/\/almudenatorro.com\/es\/#website\",\"url\":\"https:\/\/almudenatorro.com\/es\/\",\"name\":\"Almudena Torr\u00f3\",\"description\":\"\",\"potentialAction\":[{\"@type\":\"SearchAction\",\"target\":{\"@type\":\"EntryPoint\",\"urlTemplate\":\"https:\/\/almudenatorro.com\/es\/?s={search_term_string}\"},\"query-input\":{\"@type\":\"PropertyValueSpecification\",\"valueRequired\":true,\"valueName\":\"search_term_string\"}}],\"inLanguage\":\"es\"}]}<\/script>\n<!-- \/ Yoast SEO plugin. -->","yoast_head_json":{"title":"Almudena Torr\u00f3- Escultora - bio %","description":"Trabajo a trav\u00e9s de la abstracci\u00f3n y la construcci\u00f3n escult\u00f3rica, siendo importante el acontecimiento y el proceso en la creaci\u00f3n de mis obras","robots":{"index":"index","follow":"follow","max-snippet":"max-snippet:-1","max-image-preview":"max-image-preview:large","max-video-preview":"max-video-preview:-1"},"canonical":"https:\/\/almudenatorro.com\/es\/bio\/","og_locale":"es_ES","og_type":"article","og_title":"Almudena Torr\u00f3- Escultora - bio %","og_description":"Trabajo a trav\u00e9s de la abstracci\u00f3n y la construcci\u00f3n escult\u00f3rica, siendo importante el acontecimiento y el proceso en la creaci\u00f3n de mis obras","og_url":"https:\/\/almudenatorro.com\/es\/bio\/","og_site_name":"Almudena Torr\u00f3","article_modified_time":"2025-12-30T09:13:43+00:00","twitter_card":"summary_large_image","twitter_misc":{"Tiempo de lectura":"7 minutos"},"schema":{"@context":"https:\/\/schema.org","@graph":[{"@type":"WebPage","@id":"https:\/\/almudenatorro.com\/es\/bio\/","url":"https:\/\/almudenatorro.com\/es\/bio\/","name":"Almudena Torr\u00f3- Escultora - bio %","isPartOf":{"@id":"https:\/\/almudenatorro.com\/es\/#website"},"datePublished":"2019-12-03T14:50:11+00:00","dateModified":"2025-12-30T09:13:43+00:00","description":"Trabajo a trav\u00e9s de la abstracci\u00f3n y la construcci\u00f3n escult\u00f3rica, siendo importante el acontecimiento y el proceso en la creaci\u00f3n de mis obras","breadcrumb":{"@id":"https:\/\/almudenatorro.com\/es\/bio\/#breadcrumb"},"inLanguage":"es","potentialAction":[{"@type":"ReadAction","target":["https:\/\/almudenatorro.com\/es\/bio\/"]}]},{"@type":"BreadcrumbList","@id":"https:\/\/almudenatorro.com\/es\/bio\/#breadcrumb","itemListElement":[{"@type":"ListItem","position":1,"name":"Portada","item":"https:\/\/almudenatorro.com\/es\/"},{"@type":"ListItem","position":2,"name":"Bio"}]},{"@type":"WebSite","@id":"https:\/\/almudenatorro.com\/es\/#website","url":"https:\/\/almudenatorro.com\/es\/","name":"Almudena Torr\u00f3","description":"","potentialAction":[{"@type":"SearchAction","target":{"@type":"EntryPoint","urlTemplate":"https:\/\/almudenatorro.com\/es\/?s={search_term_string}"},"query-input":{"@type":"PropertyValueSpecification","valueRequired":true,"valueName":"search_term_string"}}],"inLanguage":"es"}]}},"_links":{"self":[{"href":"https:\/\/almudenatorro.com\/es\/wp-json\/wp\/v2\/pages\/1011","targetHints":{"allow":["GET"]}}],"collection":[{"href":"https:\/\/almudenatorro.com\/es\/wp-json\/wp\/v2\/pages"}],"about":[{"href":"https:\/\/almudenatorro.com\/es\/wp-json\/wp\/v2\/types\/page"}],"author":[{"embeddable":true,"href":"https:\/\/almudenatorro.com\/es\/wp-json\/wp\/v2\/users\/1"}],"replies":[{"embeddable":true,"href":"https:\/\/almudenatorro.com\/es\/wp-json\/wp\/v2\/comments?post=1011"}],"version-history":[{"count":1,"href":"https:\/\/almudenatorro.com\/es\/wp-json\/wp\/v2\/pages\/1011\/revisions"}],"predecessor-version":[{"id":8700,"href":"https:\/\/almudenatorro.com\/es\/wp-json\/wp\/v2\/pages\/1011\/revisions\/8700"}],"wp:attachment":[{"href":"https:\/\/almudenatorro.com\/es\/wp-json\/wp\/v2\/media?parent=1011"}],"curies":[{"name":"wp","href":"https:\/\/api.w.org\/{rel}","templated":true}]}}